{"id":11064,"date":"2024-07-09T08:41:20","date_gmt":"2024-07-09T06:41:20","guid":{"rendered":"https:\/\/dentalabril.com\/tractaments\/protesis-dentals-removibles\/"},"modified":"2024-07-09T08:41:20","modified_gmt":"2024-07-09T06:41:20","slug":"protesis-dentals-removibles","status":"publish","type":"page","link":"https:\/\/dentalabril.com\/ca\/tractaments\/protesis-dentals-removibles\/","title":{"rendered":"Pr\u00f2tesis Dentals Removibles"},"content":{"rendered":"<ul class=\"g1-grid\"><li class=\"g1-column g1-one-third g1-valign-top\">\n<p><img fetchpriority=\"high\" decoding=\"async\" class=\"alignnone size-full wp-image-157\" src=\"http:\/\/dentalabril.com\/\/wp-content\/uploads\/2015\/05\/PROTESIS-removibles.png\" alt=\"PROTESI removibles\" width=\"218\" height=\"300\"><\/p>\n<\/li><!-- -->\n<li class=\"g1-column g1-two-third g1-valign-top\">\n<p>La necessitat de tenir una bona funcionalitat bucal i una bona masticaci\u00f3 passa per reposar les dents que s&#8217;han perdut. Si el pacient per determinades circumst\u00e0ncies no t\u00e9 acc\u00e9s o no els pot reposar mitjan\u00e7ant un sistema d&#8217;ancoratge fix, hi ha altres solucions com s\u00f3n les pr\u00f2tesis removibles tant completes com parcials que tornen la funci\u00f3 i l&#8217;est\u00e8tica. S\u00f3n tractaments senzills, r\u00e0pids i econ\u00f2mics, en definitiva, una bona alternativa per tenir en compte.<\/p>\n<\/li><!-- --><\/ul>\n","protected":false},"excerpt":{"rendered":"","protected":false},"author":1,"featured_media":0,"parent":11046,"menu_order":0,"comment_status":"closed","ping_status":"closed","template":"g1_template_page_sidebar_left.php","meta":{"_joinchat":[],"footnotes":""},"class_list":["post-11064","page","type-page","status-publish"],"yoast_head":"<!-- This site is optimized with the Yoast SEO plugin v23.1 - https:\/\/yoast.com\/wordpress\/plugins\/seo\/ -->\n<title>Pr\u00f2tesis Dentals Removibles | Cl\u00ednica dental Abril<\/title>\n<meta name=\"robots\" content=\"index, follow, max-snippet:-1, max-image-preview:large, max-video-preview:-1\" \/>\n<link rel=\"canonical\" href=\"https:\/\/dentalabril.com\/ca\/tractaments\/protesis-dentals-removibles\/\" \/>\n<meta property=\"og:locale\" content=\"ca_ES\" \/>\n<meta property=\"og:type\" content=\"article\" \/>\n<meta property=\"og:title\" content=\"Pr\u00f2tesis Dentals Removibles | Cl\u00ednica dental Abril\" \/>\n<meta property=\"og:url\" content=\"https:\/\/dentalabril.com\/ca\/tractaments\/protesis-dentals-removibles\/\" \/>\n<meta property=\"og:site_name\" content=\"Cl\u00ednica dental Abril\" \/>\n<meta property=\"article:publisher\" content=\"https:\/\/www.facebook.com\/clinicadentalabril\/\" \/>\n<meta property=\"og:image\" content=\"http:\/\/dentalabril.com\/\/wp-content\/uploads\/2015\/05\/PROTESIS-removibles.png\" \/>\n<meta name=\"twitter:card\" content=\"summary_large_image\" \/>\n<meta name=\"twitter:label1\" content=\"Temps estimat de lectura\" \/>\n\t<meta name=\"twitter:data1\" content=\"1 minut\" \/>\n<script type=\"application\/ld+json\" class=\"yoast-schema-graph\">{\"@context\":\"https:\/\/schema.org\",\"@graph\":[{\"@type\":\"WebPage\",\"@id\":\"https:\/\/dentalabril.com\/ca\/tractaments\/protesis-dentals-removibles\/\",\"url\":\"https:\/\/dentalabril.com\/ca\/tractaments\/protesis-dentals-removibles\/\",\"name\":\"Pr\u00f2tesis Dentals Removibles | Cl\u00ednica dental Abril\",\"isPartOf\":{\"@id\":\"https:\/\/dentalabril.com\/#website\"},\"primaryImageOfPage\":{\"@id\":\"https:\/\/dentalabril.com\/ca\/tractaments\/protesis-dentals-removibles\/#primaryimage\"},\"image\":{\"@id\":\"https:\/\/dentalabril.com\/ca\/tractaments\/protesis-dentals-removibles\/#primaryimage\"},\"thumbnailUrl\":\"http:\/\/dentalabril.com\/\/wp-content\/uploads\/2015\/05\/PROTESIS-removibles.png\",\"datePublished\":\"2024-07-09T06:41:20+00:00\",\"dateModified\":\"2024-07-09T06:41:20+00:00\",\"breadcrumb\":{\"@id\":\"https:\/\/dentalabril.com\/ca\/tractaments\/protesis-dentals-removibles\/#breadcrumb\"},\"inLanguage\":\"ca\",\"potentialAction\":[{\"@type\":\"ReadAction\",\"target\":[\"https:\/\/dentalabril.com\/ca\/tractaments\/protesis-dentals-removibles\/\"]}]},{\"@type\":\"ImageObject\",\"inLanguage\":\"ca\",\"@id\":\"https:\/\/dentalabril.com\/ca\/tractaments\/protesis-dentals-removibles\/#primaryimage\",\"url\":\"http:\/\/dentalabril.com\/\/wp-content\/uploads\/2015\/05\/PROTESIS-removibles.png\",\"contentUrl\":\"http:\/\/dentalabril.com\/\/wp-content\/uploads\/2015\/05\/PROTESIS-removibles.png\"},{\"@type\":\"BreadcrumbList\",\"@id\":\"https:\/\/dentalabril.com\/ca\/tractaments\/protesis-dentals-removibles\/#breadcrumb\",\"itemListElement\":[{\"@type\":\"ListItem\",\"position\":1,\"name\":\"Portada\",\"item\":\"https:\/\/dentalabril.com\/ca\/clinica-dental-abril-a-barcelona\/\"},{\"@type\":\"ListItem\",\"position\":2,\"name\":\"Tractaments\",\"item\":\"https:\/\/dentalabril.com\/ca\/tractaments\/\"},{\"@type\":\"ListItem\",\"position\":3,\"name\":\"Pr\u00f2tesis Dentals Removibles\"}]},{\"@type\":\"WebSite\",\"@id\":\"https:\/\/dentalabril.com\/#website\",\"url\":\"https:\/\/dentalabril.com\/\",\"name\":\"Cl\u00ednica Dental Abril\",\"description\":\"Tu cl\u00ednica dental en Barcelona\",\"publisher\":{\"@id\":\"https:\/\/dentalabril.com\/#organization\"},\"alternateName\":\"Dental Abril\",\"potentialAction\":[{\"@type\":\"SearchAction\",\"target\":{\"@type\":\"EntryPoint\",\"urlTemplate\":\"https:\/\/dentalabril.com\/?s={search_term_string}\"},\"query-input\":\"required name=search_term_string\"}],\"inLanguage\":\"ca\"},{\"@type\":\"Organization\",\"@id\":\"https:\/\/dentalabril.com\/#organization\",\"name\":\"Cl\u00ednica Dental Abril\",\"alternateName\":\"Dental Abril\",\"url\":\"https:\/\/dentalabril.com\/\",\"logo\":{\"@type\":\"ImageObject\",\"inLanguage\":\"ca\",\"@id\":\"https:\/\/dentalabril.com\/#\/schema\/logo\/image\/\",\"url\":\"https:\/\/dentalabril.com\/wp-content\/uploads\/2023\/03\/BBceBSJt_400x400.jpg\",\"contentUrl\":\"https:\/\/dentalabril.com\/wp-content\/uploads\/2023\/03\/BBceBSJt_400x400.jpg\",\"width\":400,\"height\":400,\"caption\":\"Cl\u00ednica Dental Abril\"},\"image\":{\"@id\":\"https:\/\/dentalabril.com\/#\/schema\/logo\/image\/\"},\"sameAs\":[\"https:\/\/www.facebook.com\/clinicadentalabril\/\",\"https:\/\/www.instagram.com\/dentalabril\/\"]}]}<\/script>\n<!-- \/ Yoast SEO plugin. -->","yoast_head_json":{"title":"Pr\u00f2tesis Dentals Removibles | Cl\u00ednica dental Abril","robots":{"index":"index","follow":"follow","max-snippet":"max-snippet:-1","max-image-preview":"max-image-preview:large","max-video-preview":"max-video-preview:-1"},"canonical":"https:\/\/dentalabril.com\/ca\/tractaments\/protesis-dentals-removibles\/","og_locale":"ca_ES","og_type":"article","og_title":"Pr\u00f2tesis Dentals Removibles | Cl\u00ednica dental Abril","og_url":"https:\/\/dentalabril.com\/ca\/tractaments\/protesis-dentals-removibles\/","og_site_name":"Cl\u00ednica dental Abril","article_publisher":"https:\/\/www.facebook.com\/clinicadentalabril\/","og_image":[{"url":"http:\/\/dentalabril.com\/\/wp-content\/uploads\/2015\/05\/PROTESIS-removibles.png"}],"twitter_card":"summary_large_image","twitter_misc":{"Temps estimat de lectura":"1 minut"},"schema":{"@context":"https:\/\/schema.org","@graph":[{"@type":"WebPage","@id":"https:\/\/dentalabril.com\/ca\/tractaments\/protesis-dentals-removibles\/","url":"https:\/\/dentalabril.com\/ca\/tractaments\/protesis-dentals-removibles\/","name":"Pr\u00f2tesis Dentals Removibles | Cl\u00ednica dental Abril","isPartOf":{"@id":"https:\/\/dentalabril.com\/#website"},"primaryImageOfPage":{"@id":"https:\/\/dentalabril.com\/ca\/tractaments\/protesis-dentals-removibles\/#primaryimage"},"image":{"@id":"https:\/\/dentalabril.com\/ca\/tractaments\/protesis-dentals-removibles\/#primaryimage"},"thumbnailUrl":"http:\/\/dentalabril.com\/\/wp-content\/uploads\/2015\/05\/PROTESIS-removibles.png","datePublished":"2024-07-09T06:41:20+00:00","dateModified":"2024-07-09T06:41:20+00:00","breadcrumb":{"@id":"https:\/\/dentalabril.com\/ca\/tractaments\/protesis-dentals-removibles\/#breadcrumb"},"inLanguage":"ca","potentialAction":[{"@type":"ReadAction","target":["https:\/\/dentalabril.com\/ca\/tractaments\/protesis-dentals-removibles\/"]}]},{"@type":"ImageObject","inLanguage":"ca","@id":"https:\/\/dentalabril.com\/ca\/tractaments\/protesis-dentals-removibles\/#primaryimage","url":"http:\/\/dentalabril.com\/\/wp-content\/uploads\/2015\/05\/PROTESIS-removibles.png","contentUrl":"http:\/\/dentalabril.com\/\/wp-content\/uploads\/2015\/05\/PROTESIS-removibles.png"},{"@type":"BreadcrumbList","@id":"https:\/\/dentalabril.com\/ca\/tractaments\/protesis-dentals-removibles\/#breadcrumb","itemListElement":[{"@type":"ListItem","position":1,"name":"Portada","item":"https:\/\/dentalabril.com\/ca\/clinica-dental-abril-a-barcelona\/"},{"@type":"ListItem","position":2,"name":"Tractaments","item":"https:\/\/dentalabril.com\/ca\/tractaments\/"},{"@type":"ListItem","position":3,"name":"Pr\u00f2tesis Dentals Removibles"}]},{"@type":"WebSite","@id":"https:\/\/dentalabril.com\/#website","url":"https:\/\/dentalabril.com\/","name":"Cl\u00ednica Dental Abril","description":"Tu cl\u00ednica dental en Barcelona","publisher":{"@id":"https:\/\/dentalabril.com\/#organization"},"alternateName":"Dental Abril","potentialAction":[{"@type":"SearchAction","target":{"@type":"EntryPoint","urlTemplate":"https:\/\/dentalabril.com\/?s={search_term_string}"},"query-input":"required name=search_term_string"}],"inLanguage":"ca"},{"@type":"Organization","@id":"https:\/\/dentalabril.com\/#organization","name":"Cl\u00ednica Dental Abril","alternateName":"Dental Abril","url":"https:\/\/dentalabril.com\/","logo":{"@type":"ImageObject","inLanguage":"ca","@id":"https:\/\/dentalabril.com\/#\/schema\/logo\/image\/","url":"https:\/\/dentalabril.com\/wp-content\/uploads\/2023\/03\/BBceBSJt_400x400.jpg","contentUrl":"https:\/\/dentalabril.com\/wp-content\/uploads\/2023\/03\/BBceBSJt_400x400.jpg","width":400,"height":400,"caption":"Cl\u00ednica Dental Abril"},"image":{"@id":"https:\/\/dentalabril.com\/#\/schema\/logo\/image\/"},"sameAs":["https:\/\/www.facebook.com\/clinicadentalabril\/","https:\/\/www.instagram.com\/dentalabril\/"]}]}},"_links":{"self":[{"href":"https:\/\/dentalabril.com\/ca\/wp-json\/wp\/v2\/pages\/11064"}],"collection":[{"href":"https:\/\/dentalabril.com\/ca\/wp-json\/wp\/v2\/pages"}],"about":[{"href":"https:\/\/dentalabril.com\/ca\/wp-json\/wp\/v2\/types\/page"}],"author":[{"embeddable":true,"href":"https:\/\/dentalabril.com\/ca\/wp-json\/wp\/v2\/users\/1"}],"replies":[{"embeddable":true,"href":"https:\/\/dentalabril.com\/ca\/wp-json\/wp\/v2\/comments?post=11064"}],"version-history":[{"count":0,"href":"https:\/\/dentalabril.com\/ca\/wp-json\/wp\/v2\/pages\/11064\/revisions"}],"up":[{"embeddable":true,"href":"https:\/\/dentalabril.com\/ca\/wp-json\/wp\/v2\/pages\/11046"}],"wp:attachment":[{"href":"https:\/\/dentalabril.com\/ca\/wp-json\/wp\/v2\/media?parent=11064"}],"curies":[{"name":"wp","href":"https:\/\/api.w.org\/{rel}","templated":true}]}}